{"id":268,"date":"2021-09-29T08:39:14","date_gmt":"2021-09-29T06:39:14","guid":{"rendered":"https:\/\/www.jalmalv-federation.fr\/annuaire\/?post_type=listing&#038;p=268"},"modified":"2025-05-13T17:09:48","modified_gmt":"2025-05-13T15:09:48","slug":"jalmalv-haute-loire","status":"publish","type":"listing","link":"https:\/\/www.jalmalv-federation.fr\/annuaire\/listing\/jalmalv-haute-loire\/","title":{"rendered":"Jalmalv Haute Loire"},"content":{"rendered":"<p>L&#8217;Association<strong> JALMALV Haute-Loire\u00a0<\/strong> cr\u00e9\u00e9e en 1988, c&#8217;est :<\/p>\n<ul>\n<li><strong>Des b\u00e9n\u00e9voles<\/strong> qui ont pour mission d&#8217;accompagner\u00a0\u00a0par leur pr\u00e9sence et leur \u00e9coute des personnes atteintes de maladie grave,\u00a0\u00a0des personnes en fin de vie, avec leur consentement. Ils accompagnent aussi\u00a0 les familles, les proches et les personnes en deuil.<\/li>\n<\/ul>\n<p>Ils sont recrut\u00e9s,\u00a0sensibilis\u00e9s\u00a0aux soins palliatifs,\u00a0 puis\u00a0form\u00e9s\u00a0\u00e0 l&#8217;\u00e9coute\u00a0et \u00e0 l&#8217;accompagnement. L&#8217;association s&#8217;engage\u00a0 \u00e0<\/p>\n<p>les\u00a0soutenir notamment\u00a0au travers des groupes de parole.<\/p>\n<ul>\n<li><em><strong>\u00a0Des lieux\u00a0<\/strong> <strong>de pr\u00e9sence<\/strong>\u00a0<\/em>en\u00a0Haute-Loire :<\/li>\n<\/ul>\n<p>&#8211; Centre Hospitalier Emile Roux,\u00a0Centre Hospitalier Ste Marie,<\/p>\n<p>&#8211; Centre Hospitalier\u00a0 d&#8217;Yssingeaux,<\/p>\n<p>&#8211; EHPAD: \u00a0Beaulieu, Coubon, Lantriac, Laussonne,\u00a0 Malataverne et des \u00e9tablissements du Puy en Velay.<\/p>\n<ul>\n<li>\u00a0<strong>Et aussi\u00a0 :\u00a0<\/strong><\/li>\n<\/ul>\n<p><strong>\u00a0\u00a0&#8211;\u00a0 des actions de sensibilisation<\/strong> grand public sous la forme de conf\u00e9rences, de forums, &#8230;.<\/p>\n<p><strong>\u00a0 &#8211;\u00a0 des actions de formation<\/strong> et de sensibilisation aupr\u00e8s:<\/p>\n<p>*\u00a0des personnels de sant\u00e9 des \u00e9tablissements (H\u00f4pitaux,\u00a0EHPAD),<\/p>\n<p>* des \u00e9tudiants des fili\u00e8res de formation param\u00e9dicales et \u00a0d&#8217;aide \u00e0 la personne,<\/p>\n<p>* des scolaires.<\/p>\n<ul>\n<li><strong>Une\u00a0permanence d&#8217;accueil : <\/strong>\u00a0le mercredi de 9h30 \u00e0 11h30.<\/li>\n<\/ul>\n","protected":false},"author":38,"featured_media":0,"template":"","listing-category":[41],"list-tags":[],"location":[],"class_list":["post-268","listing","type-listing","status-publish","hentry","listing-category-auvergne"],"_links":{"self":[{"href":"https:\/\/www.jalmalv-federation.fr\/annuaire\/wp-json\/wp\/v2\/listing\/268","targetHints":{"allow":["GET"]}}],"collection":[{"href":"https:\/\/www.jalmalv-federation.fr\/annuaire\/wp-json\/wp\/v2\/listing"}],"about":[{"href":"https:\/\/www.jalmalv-federation.fr\/annuaire\/wp-json\/wp\/v2\/types\/listing"}],"author":[{"embeddable":true,"href":"https:\/\/www.jalmalv-federation.fr\/annuaire\/wp-json\/wp\/v2\/users\/38"}],"wp:attachment":[{"href":"https:\/\/www.jalmalv-federation.fr\/annuaire\/wp-json\/wp\/v2\/media?parent=268"}],"wp:term":[{"taxonomy":"listing-category","embeddable":true,"href":"https:\/\/www.jalmalv-federation.fr\/annuaire\/wp-json\/wp\/v2\/listing-category?post=268"},{"taxonomy":"list-tags","embeddable":true,"href":"https:\/\/www.jalmalv-federation.fr\/annuaire\/wp-json\/wp\/v2\/list-tags?post=268"},{"taxonomy":"location","embeddable":true,"href":"https:\/\/www.jalmalv-federation.fr\/annuaire\/wp-json\/wp\/v2\/location?post=268"}],"curies":[{"name":"wp","href":"https:\/\/api.w.org\/{rel}","templated":true}]}}