{"id":165,"date":"2021-09-13T13:54:16","date_gmt":"2021-09-13T11:54:16","guid":{"rendered":"https:\/\/www.jalmalv-federation.fr\/annuaire\/?post_type=listing&#038;p=165"},"modified":"2023-11-16T05:32:14","modified_gmt":"2023-11-16T04:32:14","slug":"jalmalv-rouen","status":"publish","type":"listing","link":"https:\/\/www.jalmalv-federation.fr\/annuaire\/listing\/jalmalv-rouen\/","title":{"rendered":"Jalmalv Rouen"},"content":{"rendered":"<h2><img loading=\"lazy\" decoding=\"async\" class=\"wp-image-353 alignleft\" src=\"https:\/\/www.jalmalv-federation.fr\/annuaire\/wp-content\/uploads\/2021\/09\/Soquence-25-avril-3-237x300.jpg\" alt=\"\" width=\"155\" height=\"196\" srcset=\"https:\/\/www.jalmalv-federation.fr\/annuaire\/wp-content\/uploads\/2021\/09\/Soquence-25-avril-3-237x300.jpg 237w, https:\/\/www.jalmalv-federation.fr\/annuaire\/wp-content\/uploads\/2021\/09\/Soquence-25-avril-3.jpg 615w\" sizes=\"auto, (max-width: 155px) 100vw, 155px\" \/><\/h2>\n<h2 class=\"font_2\">Le mot de la\u00a0Pr\u00e9sidente, Nathalie MAHIU<\/h2>\n<p class=\"font_8\">Accompagner un mourant, c\u2019est marcher \u00e0 son cot\u00e9, silencieusement parfois, jusqu\u2019au terme de sa vie.<\/p>\n<p class=\"font_8\">Tenir la main d\u2019un mourant n\u2019est pas seulement une marque de compassion, elle est la signification de ce que jusqu\u2019\u00e0 l\u2019heure ultime, le mourant appartient \u00e0 la communaut\u00e9 des vivants et qu\u2019il conserve sa pleine humanit\u00e9 \u00e0 l\u2019approche de cet infini myst\u00e8re, souvent charg\u00e9 d\u2019angoisse, qu\u2019est la mort.<\/p>\n<p class=\"font_8\">Chaque b\u00e9n\u00e9vole d\u2019accompagnement de JALMAV fait l\u2019exp\u00e9rience d\u2019une rencontre impr\u00e9visible. L&#8217;\u00e9coute, la bienveillance font de cette rencontre une rencontre de c\u0153ur \u00e0 c\u0153ur : approcher la maladie et la souffrance morale et physique, accepter le regard de celui qui a perdu l&#8217;espoir, sa tristesse, ses larmes, sa r\u00e9volte, reconnaitre son impuissance face aux interrogations du malade\u2026<\/p>\n<p class=\"font_8\">Chaque b\u00e9n\u00e9vole de JALMAV est anim\u00e9 des plus belles valeurs qui sont au c\u0153ur de notre soci\u00e9t\u00e9 : la solidarit\u00e9, la dignit\u00e9, l\u2019amour, le don de soi, l\u2019\u00e9coute infiniment patiente de celui qui n\u2019a plus la force de se faire entendre.<\/p>\n<p class=\"font_8\">Et c\u2019est au nom de notre soci\u00e9t\u00e9 que nous disons \u00e0 celui qui part qu\u2019il a du prix pour elle, qu\u2019il compte jusqu\u2019au bout.<\/p>\n<p class=\"font_8\">C\u2019est pourquoi je suis fi\u00e8re de prendre la pr\u00e9sidence de notre association, et d\u2019animer une belle \u00e9quipe de b\u00e9n\u00e9voles form\u00e9s, volontaires et attach\u00e9s \u00e0 ces m\u00eames valeurs.<\/p>\n<p class=\"font_8\">Je mesure aussi combien prendre la succession d\u2019Anne Masurel est un vrai challenge tant elle a su insuffler un dynamisme et une coh\u00e9sion \u00e0 notre association ! Anne a droit \u00e0 toute notre reconnaissance.<\/p>\n<p class=\"font_8\">Nous continuerons \u00e0 travailler \u00ab main dans la main \u00bb malgr\u00e9 la distance g\u00e9ographique, \u0153uvrant avec tous pour faire connaitre et rayonner notre association JALMALV sur Rouen et sa r\u00e9gion, pour favoriser le d\u00e9veloppement de la culture palliative.<\/p>\n<p>Rouen, le 3 f\u00e9vrier 2020<\/p>\n","protected":false},"author":60,"featured_media":0,"template":"","listing-category":[50],"list-tags":[],"location":[71],"class_list":["post-165","listing","type-listing","status-publish","hentry","listing-category-normandie","location-rouen"],"_links":{"self":[{"href":"https:\/\/www.jalmalv-federation.fr\/annuaire\/wp-json\/wp\/v2\/listing\/165","targetHints":{"allow":["GET"]}}],"collection":[{"href":"https:\/\/www.jalmalv-federation.fr\/annuaire\/wp-json\/wp\/v2\/listing"}],"about":[{"href":"https:\/\/www.jalmalv-federation.fr\/annuaire\/wp-json\/wp\/v2\/types\/listing"}],"author":[{"embeddable":true,"href":"https:\/\/www.jalmalv-federation.fr\/annuaire\/wp-json\/wp\/v2\/users\/60"}],"wp:attachment":[{"href":"https:\/\/www.jalmalv-federation.fr\/annuaire\/wp-json\/wp\/v2\/media?parent=165"}],"wp:term":[{"taxonomy":"listing-category","embeddable":true,"href":"https:\/\/www.jalmalv-federation.fr\/annuaire\/wp-json\/wp\/v2\/listing-category?post=165"},{"taxonomy":"list-tags","embeddable":true,"href":"https:\/\/www.jalmalv-federation.fr\/annuaire\/wp-json\/wp\/v2\/list-tags?post=165"},{"taxonomy":"location","embeddable":true,"href":"https:\/\/www.jalmalv-federation.fr\/annuaire\/wp-json\/wp\/v2\/location?post=165"}],"curies":[{"name":"wp","href":"https:\/\/api.w.org\/{rel}","templated":true}]}}